{"id":600,"date":"2021-04-03T18:00:24","date_gmt":"2021-04-03T18:00:24","guid":{"rendered":"https:\/\/ahoraflamenco.pl\/?page_id=600"},"modified":"2021-04-10T04:04:36","modified_gmt":"2021-04-10T04:04:36","slug":"szkoly-flamenco","status":"publish","type":"page","link":"https:\/\/ahoraflamenco.pl\/en\/szkoly-flamenco\/","title":{"rendered":"Flamenco schools"},"content":{"rendered":"<h3><em>Autorskie Studio Ta\u0144ca Ma\u0142gorzaty Matuszewskiej,Warszawa<\/em><\/h3>\n<p><a href=\"http:\/\/www.online.danza.pl\/\">www.online.danza.pl<\/a><\/p>\n<p>&nbsp;<\/p>\n<h3><em>Flamenco Ursyn\u00f3w<\/em><\/h3>\n<p><a class=\"oajrlxb2 g5ia77u1 qu0x051f esr5mh6w e9989ue4 r7d6kgcz rq0escxv nhd2j8a9 nc684nl6 p7hjln8o kvgmc6g5 cxmmr5t8 oygrvhab hcukyx3x jb3vyjys rz4wbd8a qt6c0cv9 a8nywdso i1ao9s8h oo483o9r f1sip0of lzcic4wl oo9gr5id gpro0wi8\" tabindex=\"0\" role=\"link\" href=\"http:\/\/www.flamenco.warszawa.pl\/?fbclid=IwAR1BDYe5rtRz99S1vzXgQkJ-UCH4DhygEOp4GmJSEq_zJMTi32gDDhGxksc\" target=\"_blank\" rel=\"nofollow noopener\">www.flamenco.warszawa.pl<\/a><\/p>\n<p>&nbsp;<\/p>\n<h3><em>Studio Ta\u0144ca La Pasion, Gda\u0144sk<\/em><\/h3>\n<div class=\"post__content\">\n<p><a href=\"http:\/\/www.lapasion.pl\">www.lapasion.pl<\/a><\/p>\n<p>&nbsp;<\/p>\n<\/div>\n<h3><em>Triana, Warszawa<\/em><\/h3>\n<p><a href=\"http:\/\/www.triana.pl\">www.triana.pl<\/a><\/p>\n<p>&nbsp;<\/p>\n<h3><em>Studio Flamenco, Warszawa<\/em><\/h3>\n<p><a href=\"http:\/\/www.flamenco.org.pl\">www.flamenco.org.pl<\/a><\/p>\n<p>&nbsp;<\/p>\n<h3><em>La Puerta Del Baile,Warszawa<\/em><\/h3>\n<p><a href=\"http:\/\/www.flamencos.pl\">www.flamencos.pl<\/a><\/p>\n<p>&nbsp;<\/p>\n<h3><a href=\"https:\/\/www.facebook.com\/StudioFlamencoElSol\">https:\/\/www.facebook.com\/StudioFlamencoElSol<\/a><\/h3>\n<p>&nbsp;<\/p>\n<h3><a href=\"http:\/\/www,tormenta.pl\"><em>Flamenco Pozna\u0144 La Tormenta<\/em><\/a><\/h3>\n<p><a href=\"http:\/\/www.tormenta.pl\">www.tormenta.pl<\/a><\/p>\n<p>&nbsp;<\/p>\n<p>&nbsp;<\/p>\n<h3><a href=\"https:\/\/www.facebook.com\/elpatio.flamenco.gdynia\"><strong><em>https:\/\/www.facebook.com\/elpatio.flamenco.gdynia<\/em><\/strong><\/a><\/h3>\n<p>&nbsp;<\/p>\n<h3><em>Akademia Duende Flamenco<\/em><\/h3>\n<p><a href=\"http:\/\/www.flamenco.bydgoszcz.pl\">http:\/\/www.flamenco.bydgoszcz.pl<\/a><\/p>\n<p><a href=\"https:\/\/www.facebook.com\/flamencowtoruniu\">https:\/\/www.facebook.com\/flamencowtoruniu<\/a><\/p>\n<p>&nbsp;<\/p>\n<h3><\/h3>\n<h3><\/h3>","protected":false},"excerpt":{"rendered":"<p>Autorskie Studio Ta\u0144ca Ma\u0142gorzaty Matuszewskiej,Warszawa www.online.danza.pl &nbsp; Flamenco Ursyn\u00f3w www.flamenco.warszawa.pl &nbsp; Studio Ta\u0144ca La Pasion, Gda\u0144sk www.lapasion.pl &nbsp; Triana, Warszawa www.triana.pl &nbsp; Studio Flamenco, Warszawa www.flamenco.org.pl &nbsp; La Puerta Del Baile,Warszawa www.flamencos.pl &nbsp; https:\/\/www.facebook.com\/StudioFlamencoElSol &nbsp; Flamenco Pozna\u0144 La Tormenta www.tormenta.pl &nbsp; &nbsp; https:\/\/www.facebook.com\/elpatio.flamenco.gdynia &nbsp; Akademia Duende Flamenco http:\/\/www.flamenco.bydgoszcz.pl https:\/\/www.facebook.com\/flamencowtoruniu &nbsp;<\/p>","protected":false},"author":1,"featured_media":0,"parent":0,"menu_order":0,"comment_status":"closed","ping_status":"closed","template":"","meta":[],"_links":{"self":[{"href":"https:\/\/ahoraflamenco.pl\/en\/wp-json\/wp\/v2\/pages\/600"}],"collection":[{"href":"https:\/\/ahoraflamenco.pl\/en\/wp-json\/wp\/v2\/pages"}],"about":[{"href":"https:\/\/ahoraflamenco.pl\/en\/wp-json\/wp\/v2\/types\/page"}],"author":[{"embeddable":true,"href":"https:\/\/ahoraflamenco.pl\/en\/wp-json\/wp\/v2\/users\/1"}],"replies":[{"embeddable":true,"href":"https:\/\/ahoraflamenco.pl\/en\/wp-json\/wp\/v2\/comments?post=600"}],"version-history":[{"count":28,"href":"https:\/\/ahoraflamenco.pl\/en\/wp-json\/wp\/v2\/pages\/600\/revisions"}],"predecessor-version":[{"id":654,"href":"https:\/\/ahoraflamenco.pl\/en\/wp-json\/wp\/v2\/pages\/600\/revisions\/654"}],"wp:attachment":[{"href":"https:\/\/ahoraflamenco.pl\/en\/wp-json\/wp\/v2\/media?parent=600"}],"curies":[{"name":"wp","href":"https:\/\/api.w.org\/{rel}","templated":true}]}}